{"id":286,"date":"2015-09-10T18:57:07","date_gmt":"2015-09-10T18:57:07","guid":{"rendered":"http:\/\/www.provinciaguadalupe.com.br\/site\/?page_id=286"},"modified":"2016-03-08T13:21:39","modified_gmt":"2016-03-08T13:21:39","slug":"alem-fronteiras","status":"publish","type":"page","link":"https:\/\/www.provinciaguadalupe.com.br\/site\/alem-fronteiras\/","title":{"rendered":"AL\u00c9M FRONTEIRAS"},"content":{"rendered":"<p><strong>Dimens\u00e3o Mission\u00e1ria das Comunidades do exterior<\/strong><\/p>\n<p><strong>HAITI<\/strong><\/p>\n<p><strong><em>\u00a0<\/em><\/strong><strong>CEBs Diocesana:<\/strong><\/p>\n<p>A Irm\u00e3 Neuza Maria Lovis junto com a Coordena\u00e7\u00e3o Diocesana de CEBs trabalha nas 45 Par\u00f3quias da Diocese de J\u00e9r\u00e9mie, todo o trabalho \u00e9 Coordenado e animado por Irm\u00e3 Neuza. A Coordena\u00e7\u00e3o conta com a participa\u00e7\u00e3o de 16 leigos e leigas engajados no processo formativo das CEBs. As Irm\u00e3s da Comunidade S\u00e3o Jos\u00e9 integram ao processo formativo das CEBs.<\/p>\n<p>Irm\u00e3 Marie Mirca Cinea, faz parte da Coordena\u00e7\u00e3o, como membro ativo e esta sendo preparada para assumir posteriormente a Coordena\u00e7\u00e3o das CEBs, na aus\u00eancia de Irm\u00e3 Neuza.<\/p>\n<p>O trabalho neste ano de 2015, junto as CEBs, foram as Assembleias Paroquiais, com objetivo de escolher os delegados para a Assembleia Diocesana, nos dias 22 a 25 de julho de 2015 com 142 delegados das par\u00f3quias. Estiveram presentes delegados de 37 par\u00f3quias, 15 convidados e 11 membros da Coordena\u00e7\u00e3o Nacional de CEBs, representando as Dioceses que tem CEBs. Tivemos a gra\u00e7a de contar com a presen\u00e7a da Coordenadora Continental de CEBs a Irma Socorro Martinez, da Congrega\u00e7\u00e3o das Irm\u00e3s do Sagrado Cora\u00e7\u00e3o.<\/p>\n<p>A Assembleia Diocesana teve como tema: \u201c<em>ANN VIV LAFWA NOU, NAN YON ANGAJMAN SOLID, KOTE NOU TOUT SE DISIP MISYON\u00c8 JEZI<\/em>\u201d, quer dizer: \u201c<em>Vamos viver nossa f\u00e9, com um compromisso solido, onde todos somos disc\u00edpulos Mission\u00e1rios de Jesus<\/em>\u201d.<\/p>\n<p>Foram realizadas 45 Assembleias paroquiais. Mais 11 forma\u00e7\u00f5es para as par\u00f3quias que n\u00e3o tiveram a prepara\u00e7\u00e3o em 2013 ou 2014 e ou capelas em processo de Par\u00f3quia.<\/p>\n<p>Todas as forma\u00e7\u00f5es foram realizadas pelos membros da Coordena\u00e7\u00e3o Diocesana de CEBs juntamente com as Irm\u00e3s Marie Mirca Cin\u00e9a e Neuza Maria Lovis.<\/p>\n<p>Todo o material de forma\u00e7\u00e3o \u00e9 elaborado por Irm\u00e3 Neuza, e feito a corre\u00e7\u00e3o gramatical pela Coordena\u00e7\u00e3o diocesana.<\/p>\n<p>&nbsp;<\/p>\n<p><strong><em>\u00a0Encontros da Coordena\u00e7\u00e3o Diocesana de CEBs<\/em><\/strong><strong>: <\/strong>A Coordena\u00e7\u00e3o das CEBs \u00e9 feita Por Irm\u00e3 Neuza Maria Lovis. As reuni\u00f5es acontecem praticamente todos os meses, na Comunidade B\u00e1rbara Maix. Irm\u00e3 Estine Jean Charles ajuda na organiza\u00e7\u00e3o do encontro, mais especialmente na infraestrutura e na prepara\u00e7\u00e3o dos alimentos durante o encontro.<\/p>\n<p>A reuni\u00e3o sempre come\u00e7a com o caf\u00e9 da manh\u00e3 seguida da Ora\u00e7\u00e3o preparada por um dos membros. Os momentos de ora\u00e7\u00e3o s\u00e3o verdadeiros encontros de uma Comunidade de base. Temos a alegria de sermos das CEBs e sermos modelo de uma Comunidade de base para as demais Comunidades. Por isso a Coordena\u00e7\u00e3o diocesana de CEBs, \u00e9 Chamada de COMUNIDADE DIOCESANA DE CEBs.<\/p>\n<p>A coordena\u00e7\u00e3o Diocesana tem um BANCO COMUNIT\u00c1RIO pr\u00f3prio. Ele \u00e9 formado com dinheiro do grupo que mensalmente s\u00e3o depositados 100 gurdes, e os membros emprestam at\u00e9 15.000 gurdes neste ano. E v\u00e3o pagando em parcelas de 1000 gurdes cada m\u00eas com juros de 2%. Este foi criado para ajudar na manuten\u00e7\u00e3o dos membros das CEBs.<\/p>\n<p>&nbsp;<\/p>\n<p><strong><em>CEBs Nacional<\/em><\/strong><strong>:<\/strong><\/p>\n<p>Irm\u00e3 Neuza Maria Lovis, participa da Coordena\u00e7\u00e3o Nacional como Assessora das CEBs. Irm\u00e3 Marie Mirca Cin\u00e9a participa da Coordena\u00e7\u00e3o Nacional, para ir integrando-se no processo das CEBs, como convidada. Pois a Diocese de Jeremie tem seus dois delegados: Jean Cloude Josepf e Pierre Yvon Pierre e Lamy Merilan \u00e9 suplente, caso um dos delegados n\u00e3o possa participar.<\/p>\n<p>S\u00e3o 4 reuni\u00f5es anuais. Uma em cada diocese. Fevereiro foi em Porto Pr\u00edncipe. Maio em Okay, Agosto foi em Pilate e dezembro em Jaquemel.\u00a0 Onde cada diocese \u00e9 respons\u00e1vel pela organiza\u00e7\u00e3o, estudo, agenda da reuni\u00e3o.<\/p>\n<p>O Coordenador Nacional, delegado pela Conferencia dos Bispos \u00e9 o PADRE Tenhier Robert, e auxiliado por Irm\u00e3 Neuza Maria Lovis.<\/p>\n<p>Nas reuni\u00f5es tem uma agenda diversificada para cada encontro, sendo de: partilha da conjuntura atual do Pa\u00eds, relat\u00f3rio das Comunidades em cada Diocese, estudos, planejamentos das atividades anuais, programa\u00e7\u00e3o e articula\u00e7\u00e3o em n\u00edvel das CEBs no Caribe e\u00a0 Continental etc.<\/p>\n<p><strong><em>\u00a0<\/em><\/strong><\/p>\n<p><strong><em>CEBS em n\u00edvel de Caribe<\/em><\/strong><strong>: <\/strong><\/p>\n<p>Neuza Maria Lovis \u00e9 coordenadora das CEBs em n\u00edvel do CARIBE (2013 \u2013 2016) pelos assessores, e Jean Claude como delegado pelo Haiti.<\/p>\n<p>Neste ano de 2015, n\u00e3o aconteceu encontro em n\u00edvel de Caribe. Os encontros foram de forma Virtual, via SKYPE, nas quartas feiras, \u00e0s 17 horas do Haiti. Estava previsto um encontro ap\u00f3s a Assembleia Diocesana de CEBs, em Jeremie, mas devido os custos elevados, o mesmo foi cancelado.<\/p>\n<p>&nbsp;<\/p>\n<p><strong><em>Encontro dos Assessores de CEBs<\/em><\/strong><strong>:<\/strong><\/p>\n<p>O encontro de Assessores foi de 02 a 11 de fevereiro, no M\u00e9xico, na capital. Irm\u00e3 Neuza Maria Lovis \u00e9 convidada pela articula\u00e7\u00e3o continental a participar, pelo Haiti. Irm\u00e3 Neuza partilhou a caminhada das CEBs e ao mesmo tempo as perspectivas, desafios das CEBs nesta caminhada de Igreja do Haiti.<\/p>\n<p>\u00c9 muito bonito ver a caminhada das CEBs do Haiti, que n\u00e3o est\u00e1 desligada do todo. Estamos em comunh\u00e3o e dentro do processo da Caminhada das CEBs Continental.<\/p>\n<p><em>\u00a0<\/em><\/p>\n<p><strong><em>Escola B\u00edblica B\u00e1rbara Maix<\/em><\/strong><strong>: <\/strong><\/p>\n<p>A segunda Turma da Escola B\u00edblica B\u00e1rbara Maix come\u00e7ou em setembro de 2013. Forma\u00e7\u00e3o, estudos e visitas as par\u00f3quias para ver a possibilidade da abertura de mais 03 escolas, em 03 localidades bem distintas da Diocese para facilitar a participa\u00e7\u00e3o de um maior n\u00famero de Animadores\/as.<\/p>\n<p>A Escola B\u00edblica \u00e9 financiada pela ADVENIAT que financia 80% das despesas da mesma. As demais despesas s\u00e3o assumidas pelas CEBs, ou seja, a Coordena\u00e7\u00e3o diocesana.<\/p>\n<p>Conclu\u00edmos no m\u00eas de julho de 2015 o segundo ano, nas 03 escolas. Foi um momento muito especial de confraterniza\u00e7\u00e3o e alegria entre os participantes, Coordena\u00e7\u00e3o Diocesana e Irm\u00e3s. Este momento foi marcado com um jantar de confraterniza\u00e7\u00e3o, com amigo secreto, musica, dan\u00e7a. Isso s\u00f3 foi poss\u00edvel gra\u00e7as \u00e0 participa\u00e7\u00e3o de todos os membros da Escola B\u00edblica B\u00e1rbara Maix.<\/p>\n<p>A escola acontece em 05 etapas cada ano, em cada localidade. Sendo um total de 15 etapas anuais. Os participantes t\u00eam tarefas para fazer em casa, como engajamento concreto de estudo e o mesmo deve ser entregue na etapa seguinte.<\/p>\n<p>A Coordena\u00e7\u00e3o das escolas \u00e9 feita por Irm\u00e3 Neuza Maria Lovis, juntamente com a Coordena\u00e7\u00e3o Diocesana e as Irm\u00e3s integram no processo. Irm\u00e3 Marie Mirca Cinea \u00e9 aluna na escola em L\u00e9on.<\/p>\n<p>Os conte\u00fados desenvolvidos s\u00e3o preparados por Irm\u00e3 Neuza Maria Lovis que orienta a Coordena\u00e7\u00e3o Diocesana (leigos e leigas). Dois membros da Coordena\u00e7\u00e3o desenvolve o tema nas 03 escolas em cada etapa. Na Etapa seguinte outra dupla faz o mesmo processo.<\/p>\n<p>Esta turma come\u00e7ou em setembro de 2013 e ir\u00e1 concluir no dia 7 de agosto de 2016, na catedral Medalha Milagrosa, em Jeremie.<\/p>\n<p>&nbsp;<\/p>\n<p><strong><em>Inf\u00e2ncia Mission\u00e1ria e Pastoral da juventude:<\/em><\/strong><\/p>\n<p>Irm\u00e3 Estine Jean Charles Coordenadora da Inf\u00e2ncia Mission\u00e1ria Imaculado Cora\u00e7\u00e3o de Maria, que acontece na Comunidade S\u00e3o Jos\u00e9, e ao mesmo tempo \u00e9 respons\u00e1vel pela Forma\u00e7\u00e3o dos animadores, animadoras da Inf\u00e2ncia Mission\u00e1ria. E pela pastoral dos Jovens na Par\u00f3quia do Sagrado Cora\u00e7\u00e3o de Jesus<\/p>\n<p>Em 2015 o trabalho de pastoral junto com as crian\u00e7as e adolescentes do Bairro Caracolie II, foram com 90 Crian\u00e7as inscritas e 40 jovens. Este trabalho vem sendo animado por jovens leigos animadores volunt\u00e1rios. Com atividades nas \u00e1reas de forma\u00e7\u00e3o, evangeliza\u00e7\u00e3o e, no artesanato com pessoa que tem experi\u00eancia no ramo.<\/p>\n<p>No dia 31 de Maio de 2015 foi organizado um momento de lazer\u00a0 para as M\u00e3es com as crian\u00e7as da inf\u00e2ncia por ocasi\u00e3o do dia\u00a0 das M\u00e3es na comunidade S\u00e3o Jos\u00e9.<\/p>\n<p>No dia 07 de Junho foi realizado um dia de recreio na comunidade S\u00e3o Jos\u00e9 no bairro Caracolie J\u00e9r\u00e9mie com as crian\u00e7as da Inf\u00e2ncia Mission\u00e1ria e Jovens. Foi um dia muito bonito de recrea\u00e7\u00e3o, anima\u00e7\u00e3o, confraterniza\u00e7\u00e3o entre os mesmos.\u00a0 Toda a prepara\u00e7\u00e3o foi feita pelos animadores\/as, Coordena\u00e7\u00e3o da Inf\u00e2ncia mission\u00e1ria, jovens e algumas m\u00e3es que ajudaram na organiza\u00e7\u00e3o. Todos ficaram muito satisfeitos.<\/p>\n<p>A Pastoral da Juventude tem como miss\u00e3o na par\u00f3quia ajudar na anima\u00e7\u00e3o da Celebra\u00e7\u00e3o Eucar\u00edstica na Paroquia Sagrada Cora\u00e7\u00e3o de Jesus. Sempre tem presente o padre respons\u00e1vel pela pastoral da juventude em n\u00edvel da Diocese. Foi um momento muito importante para os Jovens. Os mesmos sentiram-se valorizados.<\/p>\n<p>No dia 05 de Dezembro de 2015, aconteceu\u00a0 a peregrina\u00e7\u00e3o no Santu\u00e1rio Nossa Senhora Perpetuo Socorro, na localidade de Latiboli\u00e8re, em Jeremie. Este momento aconteceu por causa do ano miseric\u00f3rdia e tamb\u00e9m\u00a0 para Agradecer a Deus pelo ano de 2015 por todas as gra\u00e7a alcan\u00e7adas durante este ano.<\/p>\n<p><strong>\u00a0<\/strong><\/p>\n<p><strong>Sa\u00fade<\/strong>:<\/p>\n<p>A abertura do Centro de Sa\u00fade na Comunidade de Fond Rouge d\u2019Hah\u00e8re, foi em parceria com a Par\u00f3quia Sagrado Cora\u00e7\u00e3o de Jesus e a Congrega\u00e7\u00e3o das Irm\u00e3s do Imaculado Cora\u00e7\u00e3o de Maria. Atualmente Irm\u00e3 Estine Jean Charles trabalha no Posto de Sa\u00fade, tr\u00eas manh\u00e3s por semana: segundas, ter\u00e7as e quintas feiras, damos atendimento \u00e0s pessoas que vem buscar auxilio para cuidar de sua sa\u00fade.<\/p>\n<p>No dia 07 de novembro de 2015 a comunidade passou a ser par\u00f3quia. Tem como padroeira Nossa Senhora de Mont Carmel. O P\u00e1roco: Bathelmi Feullier Edyson<\/p>\n<p>Cada ano \u00e9 feita uma assembleia. Neste ano de 2015 foram realizadas duas Assembleia da Sa\u00fade Comunit\u00e1ria no posto de sa\u00fade para oferecer forma\u00e7\u00e3o as pessoas sobre: c\u00f3lera, Higiene, alimenta\u00e7\u00e3o adequada, tratamento de \u00e1gua.<\/p>\n<p>Nos dias de atendimento, sempre tem atendimento personalizado. Onde \u00e9 fornecido medicamento com baixo custo, mesmo assim muitas pessoas n\u00e3o t\u00eam condi\u00e7\u00f5es de adquiri-lo devido \u00e0 extrema pobreza.<\/p>\n<p>Uma vez por m\u00eas, Irm\u00e3 Estine Jean Charles junto com o agente de sa\u00fade da localidade realiza uma cl\u00ednica m\u00f3vel, em comunidades diferentes. \u00c9 um dia de atendimento para as pessoas que nunca vem no posto de sa\u00fade e que seu estado \u00e9 delicado. Neste dia, Irm\u00e3 Estine e o agente de sa\u00fade passam o dia na Comunidade fazendo o atendimento de todo tipo de doen\u00e7a, por exemplo: Verificando sinais vitais, dando forma\u00e7\u00e3o, no\u00e7\u00f5es de higiene e todo o tipo de atendimento necess\u00e1rio. Os casos mais complicados s\u00e3o encaminhados ao Hospital da Cidade de J\u00e9r\u00e9mie e alguns casos atendido no Posto de sa\u00fade periodicamente.\u00a0 Cada m\u00eas \u00e9 em uma comunidade diferente.<\/p>\n<p>&nbsp;<\/p>\n<p><strong>Casa de Forma\u00e7\u00e3o:<\/strong><\/p>\n<p>Contamos atualmente com quatorze Jovens, que est\u00e3o realizando o Aspirantado Externo. Realizamos v\u00e1rias atividades com as jovens que est\u00e3o recebendo acompanhamento vocacional. Alguma das atividades vem sendo realizadas nas Par\u00f3quias onde as fam\u00edlias e as jovens est\u00e3o integradas. Com as fam\u00edlias realizamos encontros e as visitamos. Na nossa resid\u00eancia realizamos retiros; encontros; est\u00e1gios, (tempo de conviv\u00eancia) e reuni\u00f5es. O per\u00edodo dos est\u00e1gios \u00e9 na \u00e9poca das f\u00e9rias escolares. Para as que est\u00e3o estudando a dura\u00e7\u00e3o do est\u00e1gio \u00e9 de dez dias e, para as que j\u00e1 terminaram os estudos um m\u00eas. Os encontros com todas s\u00e3o de tr\u00eas dias e acontecem tr\u00eas vezes ao ano. As que residem na diocese de J\u00e9r\u00e9mie t\u00eam encontros mensais de um dia. Os retiros s\u00e3o de tr\u00eas dias, uma vez ao ano.<\/p>\n<p>Elaboramos materiais vocacionais para distribu\u00ed-los em dez Dioceses. Em torno de tr\u00eas mil folders de nossa Congrega\u00e7\u00e3o foram distribu\u00eddos em 2015 para jovens do Pa\u00eds.<\/p>\n<p><strong>Os desafios no momento:<\/strong><\/p>\n<p>A dist\u00e2ncia geogr\u00e1fica de onde habitam as fam\u00edlias das jovens, que estamos acompanhando, exige um bom investimento em viagens. N\u00f3s trabalhamos no Sul do Pa\u00eds e temos vocacionadas, al\u00e9m do Sul, no Centro e no Norte do Pa\u00eds. As distancias s\u00e3o enormes; os caminhos de dif\u00edcil acesso e, os meios de transporte pouco e de m\u00e1 qualidade.<\/p>\n<p>A localiza\u00e7\u00e3o geogr\u00e1fica, o espa\u00e7o f\u00edsico da atual casa de forma\u00e7\u00e3o encontra-se numa esquina movimentada, onde o barulho \u00e9 constante e a constru\u00e7\u00e3o \u00e9 inadequada e sem p\u00e1tio. Falta Irm\u00e3s para contribuir na organiza\u00e7\u00e3o e desenvolvimento do processo formativo inicial no Haiti.<\/p>\n<p><strong>As prospectivas<\/strong>:<\/p>\n<p>Conseguir recurso financeiro para adquirir um local adequado, onde possamos organizar um centro de forma\u00e7\u00e3o; de capacita\u00e7\u00e3o e de promo\u00e7\u00e3o humana. Neste espa\u00e7o desenvolver todo processo formativo integral, ICM no Haiti. Cinco aspirantes desejam fazer experi\u00eancia na nossa Comunidade no decorrer do ano 2016.<\/p>\n<p>Necessitamos elaborar e encaminhar um projeto afim de conseguir recurso financeiro para efetivar a constru\u00e7\u00e3o do centro de forma\u00e7\u00e3o; capacita\u00e7\u00e3o e promo\u00e7\u00e3o Humana no Haiti.<\/p>\n<p>Continuar investindo no acompanhamento das jovens que nos procuram, proporcionado tempo de conviv\u00eancia; retiros e encontros no decorrer do ano 2016.<\/p>\n<p>&nbsp;<\/p>\n<p><strong>Comunidade Pastoral:<\/strong><\/p>\n<p>No m\u00eas de fevereiro: duas forma\u00e7\u00f5es na comunidade das CEBs; duas visitas nas hortas do projeto Agroecologia; duas forma\u00e7\u00f5es da Coordena\u00e7\u00e3o do projeto Agro &#8211; Ecologia e Uma reuni\u00e3o da Coordena\u00e7\u00e3o Diocesana das CEBs.<\/p>\n<p>Participante: Irm\u00e3 Marie Mirca Cin\u00e9a<\/p>\n<p>No m\u00eas de mar\u00e7o: duas visita nas hortas do projeto Agro Ecologia; duas forma\u00e7\u00f5es nas comunidades das CEBs; Escola B\u00edblica\u00a0 e duas reuni\u00f5es da Coordena\u00e7\u00e3o\u00a0 Diocesana das CEBs.\u00a0 Participante: Irm\u00e3 Marie Mirca Cin\u00e9a.<\/p>\n<p>M\u00eas de abril: duas forma\u00e7\u00f5es das Comunidades das CEBs e uma reuni\u00e3o da Coordena\u00e7\u00e3o das CEBs. Participante: Irm\u00e3 Marie Mirca Cin\u00e9a.<\/p>\n<p>M\u00eas de maio: duas forma\u00e7\u00f5es das Comunidades das CEBs, Escola B\u00edblica, duas reuni\u00f5es da Coordena\u00e7\u00e3o do projeto Agroecologia. Participante: Irm\u00e3 Marie Mirca Cin\u00e9a<\/p>\n<p>Irm\u00e3 Marie Mirca Cin\u00e9a, acompanha o grupo de Jovens das CEBs. Este se re\u00fane no s\u00e1bado a tarde, na resid\u00eancia da Comunidade S\u00e3o Jos\u00e9. Dentro deste grupo muitas atividades s\u00e3o realizadas: Estudo B\u00edblico, Forma\u00e7\u00e3o Humana, Artesanato, Bordado, V\u00e1rios tipos de dan\u00e7a e Teatro. Participamos semanalmente as quintas feiras \u00e1s seis horas da manh\u00e3, com o grupo de CEBs que realiza seu encontro dentro da nossa casa.<\/p>\n<p>&nbsp;<\/p>\n<p><strong>Em n\u00edvel de outros Organismos:<\/strong><\/p>\n<p><strong>\u00a0<\/strong><strong>Atividades promovidas pela Confer\u00eancia Haitiana de Religiosos, CHR.<\/strong><\/p>\n<p><strong>\u00a0<\/strong>No\u00a0 decorrer do ano participamos no\u00a0 segundo s\u00e1bado de cada m\u00eas, do encontro dos Religiosos da Diocese de J\u00e9r\u00e9mie. Os encontros acontecem na casa da Congrega\u00e7\u00e3o Familia Myriam em J\u00e9r\u00e9mie.\u00a0\u00a0\u00a0\u00a0\u00a0\u00a0\u00a0\u00a0\u00a0\u00a0 <strong>\u00a0 \u00a0 \u00a0 \u00a0<\/strong><\/p>\n<p>No m\u00eas de abril participamos da caminhada e celebra\u00e7\u00e3o Eucaristica. Em apoio das Comunidades Religiosas que foram vitimas dos roubos e viol\u00eancias que vinham ocorrendo h\u00e1 cinco m\u00eases no Pa\u00eds.<\/p>\n<p>No dia 13 de dezembro participamos\u00a0 na Catedral\u00a0 s\u00e3o Lu\u00eds da Celebra\u00e7\u00e3o Eucar\u00edstica de abertura da porta Santa, porta da \u201cMiseric\u00f3rdia\u201d. Celebra\u00e7\u00e3o de abertura do \u201cAno da Miseric\u00f3rdia\u201d.<strong>\u00a0\u00a0\u00a0\u00a0\u00a0\u00a0\u00a0\u00a0\u00a0\u00a0\u00a0\u00a0\u00a0\u00a0\u00a0\u00a0\u00a0\u00a0\u00a0\u00a0\u00a0\u00a0\u00a0\u00a0\u00a0\u00a0\u00a0\u00a0\u00a0\u00a0\u00a0\u00a0\u00a0\u00a0\u00a0\u00a0\u00a0\u00a0\u00a0\u00a0\u00a0\u00a0\u00a0\u00a0\u00a0\u00a0\u00a0\u00a0\u00a0\u00a0\u00a0\u00a0\u00a0\u00a0\u00a0\u00a0\u00a0\u00a0\u00a0\u00a0\u00a0\u00a0\u00a0\u00a0\u00a0\u00a0\u00a0\u00a0\u00a0\u00a0\u00a0\u00a0\u00a0\u00a0\u00a0\u00a0\u00a0\u00a0\u00a0\u00a0\u00a0\u00a0\u00a0\u00a0\u00a0\u00a0\u00a0\u00a0\u00a0\u00a0\u00a0\u00a0\u00a0\u00a0\u00a0\u00a0\u00a0\u00a0\u00a0\u00a0\u00a0\u00a0\u00a0\u00a0\u00a0\u00a0\u00a0\u00a0\u00a0\u00a0\u00a0\u00a0\u00a0\u00a0\u00a0\u00a0\u00a0\u00a0\u00a0\u00a0\u00a0\u00a0\u00a0\u00a0\u00a0\u00a0\u00a0\u00a0\u00a0\u00a0\u00a0\u00a0\u00a0\u00a0\u00a0\u00a0\u00a0\u00a0\u00a0\u00a0\u00a0\u00a0\u00a0\u00a0\u00a0\u00a0\u00a0\u00a0\u00a0\u00a0\u00a0\u00a0\u00a0\u00a0\u00a0\u00a0\u00a0\u00a0\u00a0\u00a0\u00a0\u00a0\u00a0\u00a0\u00a0\u00a0\u00a0\u00a0\u00a0 <\/strong><\/p>\n<p><strong>3.2. Atividades promovidas pela Igreja:<\/strong><\/p>\n<p><strong>\u00a0<\/strong><\/p>\n<ol>\n<li>a) Encontro da Coordena\u00e7\u00e3o Nacional das CEBs.<\/li>\n<\/ol>\n<p>Data: 12 -15 de fevereiro<\/p>\n<p>Local: Casa dos\u00a0 Pequenos Irm\u00e3os da Encarna\u00e7\u00e3o, Porto Pr\u00edncipe<\/p>\n<p>Participante: Irm\u00e3 Marie Mirca Cin\u00e9a.<\/p>\n<p>Tema: Planejamento do ano 2015.<\/p>\n<p>&nbsp;<\/p>\n<ol>\n<li>b) Retiro Anual da Coordena\u00e7\u00e3o Diocesana das CEBs.<\/li>\n<\/ol>\n<p>Data: 28 de mar\u00e7o<\/p>\n<p>Local: PRED\/Caritas &#8211; L\u00e9on<\/p>\n<p>Participante: Irm\u00e3 Marie Mirca Cin\u00e9a<\/p>\n<p>Assesssora: Irm\u00e3 Neuza Maria Lovis.<\/p>\n<p>&nbsp;<\/p>\n<ol>\n<li>c) Encontro da coordena\u00e7\u00e3o Nacional das CEBs.<\/li>\n<\/ol>\n<p>Data: 30 de abril a 04 de maio<\/p>\n<p>Local: Par\u00f3quia S\u00e3o Judas, Sul\u00a0 do Cayes.<\/p>\n<p>Participante: Irm\u00e3 Marie Mirca Cin\u00e9a,<\/p>\n<p>Tema: A Igreja na Casa.<\/p>\n<p>Assessor: Padre Robert Ternier.<\/p>\n<p>&nbsp;<\/p>\n<ol>\n<li>d) Congresso Nacional da Juventude<\/li>\n<\/ol>\n<p>Data: De 09 -12 de julho<\/p>\n<p>Local: Lacaiyenne, Sul\u00a0 do Cayes.<\/p>\n<p>Participante: Irm\u00e3 Marie Mirca Cin\u00e9a.<\/p>\n<p>Tema: Felizes os que s\u00e3o misericordiosos, porque encontrar\u00e3o miseric\u00f3rdia (Mt,5,7).<\/p>\n<p>Assessores: Irm\u00e3 Alegria Sama, Irm\u00e3s Mission\u00e1rias\u00a0 da Caridade ; Padre Fitho Jean\u00a0 e Irm\u00e3 Juliette Senatus.<\/p>\n<p>&nbsp;<\/p>\n<ol>\n<li>e) Terceira Aembl\u00e9ia Diocesana das CEBs<\/li>\n<\/ol>\n<p>Data: 22 a 25 de julho<\/p>\n<p>Local: Centro de forma\u00e7\u00e3o PRED\/Caritas, L\u00e9on.<\/p>\n<p>Participantes: Irm\u00e3s: Belon\u00ed Luiza\u00a0 Monfardini; Eni Teresinha Azambuja da Silva e<\/p>\n<p>Irm\u00e3 Marie Mirca Cin\u00e9a.<\/p>\n<p>Tema: Vamos viver a nossa f\u00e9 num engajamento s\u00f3lido onde todos s\u00e3o Mission\u00e1rios\/as de\u00a0 Jesus.<\/p>\n<p>Assessores: Jean Alix e Padre Robert Ternier<\/p>\n<p>&nbsp;<\/p>\n<ol>\n<li>f) Encontro da Coordena\u00e7\u00e3o Nacional das CEBs<\/li>\n<\/ol>\n<p>Data: 03 \u2013 06 de agosto<\/p>\n<p>Local:Pilate.<\/p>\n<p>Participante:Irm\u00e3 Marie Mirca Cin\u00e9a<\/p>\n<p>Tema: Carta de Identidade de Jesus.<\/p>\n<p>Assesssor: Melone Saint-Fleur e Camy Jean.<\/p>\n<p>&nbsp;<\/p>\n<ol start=\"4\">\n<li><strong> Participa\u00e7\u00e3o em outros atividades e\/ou outras ocorr\u00eancias. <\/strong><\/li>\n<\/ol>\n<p>&nbsp;<\/p>\n<ol>\n<li>a) Retiro Anual da Coordena\u00e7\u00e3o Diocesana do PRED.<\/li>\n<\/ol>\n<p>Data: 29 de mar\u00e7o<\/p>\n<p>Local: PRED\/Caritas &#8211; L\u00e9on<\/p>\n<p>Participante: Irm\u00e3 Marie Mirca Cin\u00e9a.<\/p>\n<p>Assessora: Irm\u00e3 Neuza Maria Lovis e Marie Mirca Cin\u00e9a<\/p>\n<p>&nbsp;<\/p>\n<ol>\n<li>b) Encontro dos Religiosos\/as e Padres da Diocese<\/li>\n<\/ol>\n<p>Data: 01 de abril<\/p>\n<p>Local: B\u00edbliot\u00e9ca Carl Edrard Piterze.<\/p>\n<p>Participantes: Irm\u00e3s Belon\u00ed Luiza Monfardini, Eni Teresinha Azambuja da Silva e Marie Mirca Cin\u00e9a.<\/p>\n<p>Tema: Dialogo sobre a quest\u00e3o persegui\u00e7\u00e3o dos Religiosos no Haiti.<\/p>\n<p>Assessora: Dom Josehp Gontrand Decoste.<\/p>\n<p>&nbsp;<\/p>\n<ol>\n<li>c) Encontro da Coordena\u00e7\u00e3o Nacional das CEBs.<\/li>\n<\/ol>\n<p>Data: 03 &#8211; 06 de dezembro<\/p>\n<p>Local: Jacmel.<\/p>\n<p>Participante: Irm\u00e3 Marie Mirca Cin\u00e9a.<\/p>\n<p>Tema: Carta de Identidade de Jesus.<\/p>\n<p>Assesssora: Irm\u00e3 Neuza Maria Lovis,ICM.<\/p>\n<p>&nbsp;<\/p>\n<p style=\"text-align: center;\"><span style=\"color: #ff0000;\"><strong>BOL\u00cdVIA<\/strong><\/span><\/p>\n<p><strong>DIMENS\u00c4O MISSION\u00c1RIA DA COMUNIDADE<\/strong><\/p>\n<p><em>Inser\u00e7\u00e3o em Meios Populares e Comunidades de Pastoral<\/em>.<\/p>\n<p>As Irm\u00e3s desta Comunidade realiza sua miss\u00e3o nas \u00e1reas:<\/p>\n<ol>\n<li><em>a) Sa\u00fade Alternativa Popular<\/em><\/li>\n<\/ol>\n<p>Continuamos a servir as pessoas que procuram tratamento atrav\u00e9s da medicina natural, utilizando t\u00e9cnicas de entrevista individual, Massagem, Bioenergia, limpeza de ouvido&#8230; Aten\u00e7\u00e3o anda de m\u00e3os dadas com a Orienta\u00e7\u00e3o para a mudan\u00e7a de h\u00e1bitos alimentares, usando mais legumes, vegetais, frutas, gr\u00e3os integrais e feij\u00f5es,<\/p>\n<p>Nos primeiros meses deste ano de 2015 foram realizadas \u200b\u200boficinas de forma\u00e7\u00e3o para os l\u00edderes dos centros de sa\u00fade e orientadores, demonstrando na prepara\u00e7\u00e3o de xaropes t\u00f4nicos, cremes, creme milagroso, vinagre de ma\u00e7\u00e3, sabonetes&#8230;<\/p>\n<p>Temos muito claro que a aten\u00e7\u00e3o no Centro de Integral Vida Popular &#8211; CEVIP e cursos e oficinas s\u00e3o excelentes oportunidades para evangelizar. Estamos cientes de que, sempre que a esperan\u00e7a \u00e9 retornada, permite que as pessoas tenham mais vida, significa que estamos anunciando que Deus \u00e9 o verdadeiro M\u00e9dico, com poder de curar e de fazer o corpo totalmente harmonizado.<\/p>\n<p><strong>\u00a0<\/strong><\/p>\n<p><strong>\u00a0\u00a0 <\/strong><em>b) Pastoral Paroquial<\/em><\/p>\n<p>A miss\u00e3o das Irm\u00e3s tamb\u00e9m \u00e9 dada atrav\u00e9s de acompanhamento e anima\u00e7\u00e3o de algumas comunidades, nas suas diversas atividades: a catequese de crian\u00e7as, jovens e adultos, celebra\u00e7\u00f5es lit\u00fargicas, novenas, Reuni\u00f5es do Conselho Pastoral, retiro com os jovens e os pais. Participa\u00e7\u00e3o em reuni\u00f5es em n\u00edvel da Arquidiocese Vicariato e CEBS.<\/p>\n<p>Catequese &#8211; Ao longo do ano Irm\u00e3 Antoninha Bolzan assessorou a forma\u00e7\u00e3o dos animadores do Evangelho (catequistas). Foram realizadas quatro sess\u00f5es de forma\u00e7\u00e3o com e para catequistas de toda a par\u00f3quia. T\u00f3picos de profundidade foram: A voca\u00e7\u00e3o &#8211; miss\u00e3o como gra\u00e7a dada a todos; A Eucaristia na B\u00edblia e a vida do catequista; Jogos e atividades na metodologia na catequese.<\/p>\n<p><strong>\u00a0\u00a0\u00a0\u00a0\u00a0\u00a0 <\/strong><\/p>\n<p><strong>\u00a0\u00a0 <\/strong>c) P\u00e1scoa Mission\u00e1ria \u2013 Irm\u00e3 Antoninha Bolzan segunda vez que ela entrou para a equipe de estudantes e professores do Col\u00e9gio Marista e foi para celebrar a P\u00e1scoa com as comunidades Itaimi, Aguada Grande Iguasurenda e Arenal, no interior do munic\u00edpio \u00a0Lagunilla . Foram quatro dias de intensa ora\u00e7\u00e3o, celebra\u00e7\u00f5es, Via Crucis, e da conviv\u00eancia com as pessoas dessas comunidades. A sede das celebra\u00e7\u00f5es da Semana Santa foi a Escola de Iguasurenda lugar onde tamb\u00e9m se hospedaram.<\/p>\n<p>&nbsp;<\/p>\n<p>Descri\u00e7\u00e3o da vida apost\u00f3lico-mission\u00e1ria:<\/p>\n<p>Campo de atua\u00e7\u00e3o:<\/p>\n<p>Nossa comunidade tem por objetivo a anima\u00e7\u00e3o vocacional, o acompanhamento das jovens externas, forma\u00e7\u00e3o de aspirantes (quando tiver). Neste ano foram realizados cinco encontros com jovens nas nossas casas. \u00c9 grande o desafio vocacional. H\u00e1 pouco, e at\u00e9 nenhum incentivo dos pais a seguirem a voca\u00e7\u00e3o religiosa\/sacerdotal. Poucos apoiam. A sociedade em geral nada motiva para a Vida Religiosa Consagrada. Gostam do trabalho das Irm\u00e3s, tem um grande respeito e admira\u00e7\u00e3o pelas Irm\u00e3s e pelos sacerdotes, mas predomina o n\u00e3o querer que seus filhos sigam esta voca\u00e7\u00e3o. \u00c9 quase geral esta desmotiva\u00e7\u00e3o.<\/p>\n<p>Mesmo assim, continuamos na esperan\u00e7a de termos vocacionadas que respondam generosamente ao Chamado de Cristo para servir ao Reino como consagrados\/as<\/p>\n<p>Temos um leque muito aberto para a pastoral:<\/p>\n<p><strong>Irm\u00e3 Teolide<\/strong>: Respons\u00e1vel primeira pelas voca\u00e7\u00f5es. \u00c9 membro da Comiss\u00e3o Arquidiocesana de Catequese e B\u00edblia; \u00c9 membro da equipe de Coordena\u00e7\u00e3o da Pastoral Escolar no Col\u00e9gio Marista, contratada e remunerada, dedicando 2 dias por semana, cumprindo 8 horas de trabalho. No col\u00e9gio colabora na forma\u00e7\u00e3o de catequistas, acompanha professores e jovens nos retiros, cursos, conviv\u00eancias e jornadas de encontros; dois domingos por m\u00eas \u00e9 respons\u00e1vel pela Celebra\u00e7\u00e3o Eucar\u00edstica do Col\u00e9gio\/Par\u00f3quia, com aten\u00e7\u00e3o especial \u00e0s crian\u00e7as da catequese de 1\u00aa Comunh\u00e3o, pais, professores e funcion\u00e1rios. Na Par\u00f3quia faz parte do Projeto Raquel\/Projeto Esperanza- atendendo a mulheres p\u00f3s-aborto. Nas 4as. Feiras ajuda \u00e0 Irm\u00e3 Ana Eugenia no Centro de Sa\u00fade, nas nossas depend\u00eancias. Ajuda em todos os servi\u00e7os da casa- cozinha, horta, jardim. Na \u00e1rea da sa\u00fade, acompanhou a Irm\u00e3 Ana em alguns cursos, ajudando na\u00a0 forma\u00e7\u00e3o e ensinando pr\u00e1ticas diversas de medicina alternativa, bem como educa\u00e7\u00e3o alimentar.<\/p>\n<p><strong>Irm\u00e3 Dileta<\/strong> &#8211; \u00c9 membro da Equipe da Pastoral da crian\u00e7a, mais no incentivo e forma\u00e7\u00e3o das lideran\u00e7as. Colabora na forma\u00e7\u00e3o das jovens vocacionadas. Ajuda na forma\u00e7\u00e3o das m\u00e3es de filhos com capacidades especiais. Junto ao grupo da terceira idade deu sua contribui\u00e7\u00e3o para que seja a \u201cmelhor idade\u201d Confecciona cartazes pastorais para col\u00e9gios, institui\u00e7\u00f5es, par\u00f3quias, equipes diversas. Orienta e d\u00e1 cursos de t\u00e9cnicas de cartazes. Fez capacita\u00e7\u00e3o no Projeto Esperan\u00e7a, onde acompanhar\u00e1 mulheres p\u00f3s-aborto.<\/p>\n<p>Marcamos presen\u00e7a nos col\u00e9gios com palestras de forma\u00e7\u00e3o com educandos e educadores. No Projeto Esperan\u00e7a: (atender pessoas que sofrem as sequelas p\u00f3s-abortos &#8211; quer seja espont\u00e2neos e\/ou provocados. \u00c9 um longo acompanhamento, geralmente individual-s\u00e3o 9 sess\u00f5es-at\u00e9 chegar ao ponto da celebra\u00e7\u00e3o da vida e do reencontro da m\u00e3e\/pai com o filho\/a abortado\/a. Atendemos nas casas pessoas, em especial doentes, em alguns casos levando a Eucaristia. Ajudamos na Comiss\u00e3o Diocesana da Catequese, mais na parte da organiza\u00e7\u00e3o dos cursos aos catequistas,- 3 n\u00edveis- onde entramos em contato com muitos jovens, pais, professores.<\/p>\n<p>&nbsp;<\/p>\n<ol>\n<li>b) Sujeitos da miss\u00e3o: muito especialmente os mais pobres e mais sofridos; as juventudes, as crian\u00e7as, os idosos, doentes, lideran\u00e7as&#8230;<\/li>\n<li>c) N\u00famero de pessoas atendidas: aproximadamente 3.000 pessoas.<\/li>\n<\/ol>\n<p><strong>\u00a0<\/strong><\/p>\n<p style=\"text-align: center;\"><span style=\"color: #ff0000;\"><strong>VENEZUELA<\/strong><\/span><\/p>\n<ol>\n<li>Descri\u00e7\u00e3o da vida apost\u00f3lico-mission\u00e1ria:<\/li>\n<li>a) Campo de atua\u00e7\u00e3o:<\/li>\n<\/ol>\n<p>A comunidade das Irm\u00e3s do Imaculado Cora\u00e7\u00e3o de Maria situada em Setor Barrancones- Caserio la Sabana N\u00ba 021 &#8211; Guanare &#8211; Estado Portuguesa \u2013 Venezuela, Temos como campo de atua\u00e7\u00e3o a A\u00e7\u00e3o Social e a A\u00e7\u00e3o Evangelizadora. No social atuamos com crian\u00e7as, adolescentes, mulheres e com a sa\u00fade integral.\u00a0 O trabalho com crian\u00e7as, adolescentes e catequese paroquial foi coordenado por Ir. Veranilde do Carmo Pereira S\u00e1, e da Sa\u00fade Alternativa e Mulheres foi coordenado por Inelda Rosinha Lorenzoni.<\/p>\n<p>&nbsp;<\/p>\n<ol>\n<li>b) Sujeitos da miss\u00e3o: crian\u00e7as, adolescentes, jovens e mulheres.<\/li>\n<\/ol>\n<p>&nbsp;<\/p>\n<ol>\n<li>c) Numeros de pessoas atendidas: foram 50 Crian\u00e7as e Adolescentes atendidos semanalmente; mulheres 15 semanalmente; e na sa\u00fade foram atendidas 60 pessoas semanalmente.<\/li>\n<\/ol>\n<p><strong>\u00a0<\/strong><\/p>\n<ol>\n<li><strong>d) Projetos: <\/strong>Plantas e Medicinas Naturais e Trabalhos Manuais e Forma\u00e7\u00e3o de Valores<\/li>\n<\/ol>\n<p><strong>\u00a0<\/strong><\/p>\n<ol>\n<li>e) Outras informa\u00e7\u00f5es significativas: o atendimento as crian\u00e7as e adolescentes realizou-se semanalmente, teve 04 grupos de crian\u00e7as e adolescentes, foram desenvolvidas as seguintes oficinas de: bijuterias, desenho, refor\u00e7o escolar, forma\u00e7\u00e3o humana e visitas familiares sempre que poss\u00edvel. Ir. Inelda Rosinha Lorenzoni tamb\u00e9m coordenou trabalhos de sa\u00fade alternativa, foi realizado atentimentos de primeiros socorros aos peregrinos que visitam a Basilica Menor Santu\u00e1ro Nacional Nuestra Se\u00f1ora de Coromoto aos s\u00e1bados, domingos e feriados. Toda as quartas-feiras, Ir. Inelda Rosinha Lorenzoni reuniu-se com o grupo de mulheres da sa\u00fade alternativa para estudo b\u00edblico e estudo de plantas medicinais. Comunidade Religiosa realizou muitos atendimentos as pessoas que nos procuram para: aplicar inje\u00e7\u00e3o, fazer nebuliza\u00e7\u00e3o, buscar plantas medicinais para fazer ch\u00e1 e orienta\u00e7\u00f5es diversas.<\/li>\n<\/ol>\n<p>&nbsp;<\/p>\n<p>&nbsp;<\/p>\n","protected":false},"excerpt":{"rendered":"<p>Dimens\u00e3o Mission\u00e1ria das Comunidades do exterior HAITI \u00a0CEBs Diocesana: A Irm\u00e3 Neuza Maria Lovis junto com a Coordena\u00e7\u00e3o Diocesana de CEBs trabalha nas 45 Par\u00f3quias da Diocese de J\u00e9r\u00e9mie, todo<\/p>\n","protected":false},"author":1,"featured_media":0,"parent":0,"menu_order":0,"comment_status":"open","ping_status":"open","template":"","meta":{"footnotes":""},"class_list":["post-286","page","type-page","status-publish","hentry"],"_links":{"self":[{"href":"https:\/\/www.provinciaguadalupe.com.br\/site\/wp-json\/wp\/v2\/pages\/286","targetHints":{"allow":["GET"]}}],"collection":[{"href":"https:\/\/www.provinciaguadalupe.com.br\/site\/wp-json\/wp\/v2\/pages"}],"about":[{"href":"https:\/\/www.provinciaguadalupe.com.br\/site\/wp-json\/wp\/v2\/types\/page"}],"author":[{"embeddable":true,"href":"https:\/\/www.provinciaguadalupe.com.br\/site\/wp-json\/wp\/v2\/users\/1"}],"replies":[{"embeddable":true,"href":"https:\/\/www.provinciaguadalupe.com.br\/site\/wp-json\/wp\/v2\/comments?post=286"}],"version-history":[{"count":4,"href":"https:\/\/www.provinciaguadalupe.com.br\/site\/wp-json\/wp\/v2\/pages\/286\/revisions"}],"predecessor-version":[{"id":442,"href":"https:\/\/www.provinciaguadalupe.com.br\/site\/wp-json\/wp\/v2\/pages\/286\/revisions\/442"}],"wp:attachment":[{"href":"https:\/\/www.provinciaguadalupe.com.br\/site\/wp-json\/wp\/v2\/media?parent=286"}],"curies":[{"name":"wp","href":"https:\/\/api.w.org\/{rel}","templated":true}]}}